{"id":4061,"date":"2021-09-24T12:23:21","date_gmt":"2021-09-24T12:23:21","guid":{"rendered":"https:\/\/access-technology.de\/?post_type=aktuelles&#038;p=4061"},"modified":"2021-09-24T12:23:21","modified_gmt":"2021-09-24T12:23:21","slug":"vorstellung-des-production-launch-center-aviation-fuer-delegation-der-spd","status":"publish","type":"aktuelles","link":"https:\/\/access-technology.de\/index.php\/aktuelles\/vorstellung-des-production-launch-center-aviation-fuer-delegation-der-spd\/","title":{"rendered":"Vorstellung des Production Launch Center Aviation f\u00fcr Delegation der SPD"},"content":{"rendered":"<p>Am 23.09. waren der Landtagsabgeordnete Karl Schultheis und die Bundestagskandidatin Ye-One Rhie der SPD Aachen im Access TechCenter zu Gast.<\/p>\n<p>Ein Thema des Besuchs waren die Herausforderungen, die eine Transformation zu einer nachhaltigen Luftfahrt an die Produktionstechnik mit sich bringt. Bei einem Rundgang durch das TechCenter konnte der Gruppe gezeigt werden wie Access schon heute an der Entwicklung neuer Produktionsprozesse f\u00fcr die emissionsarme Luftfahrt arbeitet. In diesem Kontext wurde ebenfalls der Beitrag des Production Launch Center Aviation zu einer Verk\u00fcrzung der Entwicklungszeiten f\u00fcr neue Produkte und Prozesse dargestellt.<\/p>\n<p>Das Production Launch Center Aviation ist ein gemeinsam von Aerospace Manufacturing Aachen und Access vorangetriebenes Projekt im Strukturwandel des Rheinischen Reviers. Die f\u00fcr den Strukturwandel zust\u00e4ndige Zukunftsagentur hat die Gr\u00fcndung des PLCA bereits zweifach ausgezeichnet und gilt so als \u201esubstanzielle Projektidee\u201c und als \u201etragf\u00e4higes Vorhaben\u201c f\u00fcr den Strukturwandelprozess.<\/p>\n<p>Ein Projektvideo zur Gr\u00fcndung des PLCA finden Sie unter:<\/p>\n<p><a href=\"https:\/\/www.youtube.com\/watch?v=odnAALNqOFk\">https:\/\/www.youtube.com\/watch?v=odnAALNqOFk<\/a><\/p>\n<p>Weiterhin wurde w\u00e4hrend des Besuchs \u00fcber die Rolle von Access als eigenst\u00e4ndiges Forschungsinstitut diskutiert. Hier wurde die Wichtigkeit von eigenst\u00e4ndigen Forschungsinstituten der Zuse-Gemeinschaft als essentielle S\u00e4ule in der deutschen Industrieforschung, insbesondere f\u00fcr den Transfer von der Grundlagenforschung in die Serienfertigung hervorgehoben.<\/p>\n<p>Wir bedanken uns bei der SPD Aachen f\u00fcr den Besuch!<\/p>\n","protected":false},"featured_media":4062,"template":"","meta":{"site-sidebar-layout":"default","site-content-layout":"default","ast-site-content-layout":"default","site-content-style":"default","site-sidebar-style":"default","ast-global-header-display":"","ast-banner-title-visibility":"","ast-main-header-display":"","ast-hfb-above-header-display":"","ast-hfb-below-header-display":"","ast-hfb-mobile-header-display":"","site-post-title":"","ast-breadcrumbs-content":"","ast-featured-img":"","footer-sml-layout":"","ast-disable-related-posts":"","theme-transparent-header-meta":"default","adv-header-id-meta":"","stick-header-meta":"","header-above-stick-meta":"","header-main-stick-meta":"","header-below-stick-meta":"","astra-migrate-meta-layouts":"default","ast-page-background-enabled":"default","ast-page-background-meta":{"desktop":{"background-color":"","background-image":"","background-repeat":"repeat","background-position":"center center","background-size":"auto","background-attachment":"scroll","background-type":"","background-media":"","overlay-type":"","overlay-color":"","overlay-opacity":"","overlay-gradient":""},"tablet":{"background-color":"","background-image":"","background-repeat":"repeat","background-position":"center center","background-size":"auto","background-attachment":"scroll","background-type":"","background-media":"","overlay-type":"","overlay-color":"","overlay-opacity":"","overlay-gradient":""},"mobile":{"background-color":"","background-image":"","background-repeat":"repeat","background-position":"center center","background-size":"auto","background-attachment":"scroll","background-type":"","background-media":"","overlay-type":"","overlay-color":"","overlay-opacity":"","overlay-gradient":""}},"ast-content-background-meta":{"desktop":{"background-color":"var(--ast-global-color-5)","background-image":"","background-repeat":"repeat","background-position":"center center","background-size":"auto","background-attachment":"scroll","background-type":"","background-media":"","overlay-type":"","overlay-color":"","overlay-opacity":"","overlay-gradient":""},"tablet":{"background-color":"var(--ast-global-color-5)","background-image":"","background-repeat":"repeat","background-position":"center center","background-size":"auto","background-attachment":"scroll","background-type":"","background-media":"","overlay-type":"","overlay-color":"","overlay-opacity":"","overlay-gradient":""},"mobile":{"background-color":"var(--ast-global-color-5)","background-image":"","background-repeat":"repeat","background-position":"center center","background-size":"auto","background-attachment":"scroll","background-type":"","background-media":"","overlay-type":"","overlay-color":"","overlay-opacity":"","overlay-gradient":""}}},"class_list":["post-4061","aktuelles","type-aktuelles","status-publish","has-post-thumbnail","hentry"],"yoast_head":"<!-- This site is optimized with the Yoast SEO plugin v27.3 - https:\/\/yoast.com\/product\/yoast-seo-wordpress\/ -->\n<title>Vorstellung des Production Launch Center Aviation f\u00fcr Delegation der SPD - Access Technology<\/title>\n<meta name=\"robots\" content=\"index, follow, max-snippet:-1, max-image-preview:large, max-video-preview:-1\" \/>\n<link rel=\"canonical\" href=\"https:\/\/access-technology.de\/index.php\/aktuelles\/vorstellung-des-production-launch-center-aviation-fuer-delegation-der-spd\/\" \/>\n<meta property=\"og:locale\" content=\"de_DE\" \/>\n<meta property=\"og:type\" content=\"article\" \/>\n<meta property=\"og:title\" content=\"Vorstellung des Production Launch Center Aviation f\u00fcr Delegation der SPD - Access Technology\" \/>\n<meta property=\"og:description\" content=\"Am 23.09. waren der Landtagsabgeordnete Karl Schultheis und die Bundestagskandidatin Ye-One Rhie der SPD Aachen im Access TechCenter zu Gast. Ein Thema des Besuchs waren die Herausforderungen, die eine Transformation zu einer nachhaltigen Luftfahrt an die Produktionstechnik mit sich bringt. Bei einem Rundgang durch das TechCenter konnte der Gruppe gezeigt werden wie Access schon heute [&hellip;]\" \/>\n<meta property=\"og:url\" content=\"https:\/\/access-technology.de\/index.php\/aktuelles\/vorstellung-des-production-launch-center-aviation-fuer-delegation-der-spd\/\" \/>\n<meta property=\"og:site_name\" content=\"Access Technology\" \/>\n<meta property=\"og:image\" content=\"https:\/\/access-technology.de\/wp-content\/uploads\/2021\/09\/1.jpeg\" \/>\n\t<meta property=\"og:image:width\" content=\"2048\" \/>\n\t<meta property=\"og:image:height\" content=\"1536\" \/>\n\t<meta property=\"og:image:type\" content=\"image\/jpeg\" \/>\n<meta name=\"twitter:card\" content=\"summary_large_image\" \/>\n<meta name=\"twitter:label1\" content=\"Gesch\u00e4tzte Lesezeit\" \/>\n\t<meta name=\"twitter:data1\" content=\"1\u00a0Minute\" \/>\n<script type=\"application\/ld+json\" class=\"yoast-schema-graph\">{\"@context\":\"https:\\\/\\\/schema.org\",\"@graph\":[{\"@type\":\"WebPage\",\"@id\":\"https:\\\/\\\/access-technology.de\\\/index.php\\\/aktuelles\\\/vorstellung-des-production-launch-center-aviation-fuer-delegation-der-spd\\\/\",\"url\":\"https:\\\/\\\/access-technology.de\\\/index.php\\\/aktuelles\\\/vorstellung-des-production-launch-center-aviation-fuer-delegation-der-spd\\\/\",\"name\":\"Vorstellung des Production Launch Center Aviation f\u00fcr Delegation der SPD - Access Technology\",\"isPartOf\":{\"@id\":\"https:\\\/\\\/access-technology.de\\\/#website\"},\"primaryImageOfPage\":{\"@id\":\"https:\\\/\\\/access-technology.de\\\/index.php\\\/aktuelles\\\/vorstellung-des-production-launch-center-aviation-fuer-delegation-der-spd\\\/#primaryimage\"},\"image\":{\"@id\":\"https:\\\/\\\/access-technology.de\\\/index.php\\\/aktuelles\\\/vorstellung-des-production-launch-center-aviation-fuer-delegation-der-spd\\\/#primaryimage\"},\"thumbnailUrl\":\"https:\\\/\\\/access-technology.de\\\/wp-content\\\/uploads\\\/2021\\\/09\\\/1.jpeg\",\"datePublished\":\"2021-09-24T12:23:21+00:00\",\"breadcrumb\":{\"@id\":\"https:\\\/\\\/access-technology.de\\\/index.php\\\/aktuelles\\\/vorstellung-des-production-launch-center-aviation-fuer-delegation-der-spd\\\/#breadcrumb\"},\"inLanguage\":\"de\",\"potentialAction\":[{\"@type\":\"ReadAction\",\"target\":[\"https:\\\/\\\/access-technology.de\\\/index.php\\\/aktuelles\\\/vorstellung-des-production-launch-center-aviation-fuer-delegation-der-spd\\\/\"]}]},{\"@type\":\"ImageObject\",\"inLanguage\":\"de\",\"@id\":\"https:\\\/\\\/access-technology.de\\\/index.php\\\/aktuelles\\\/vorstellung-des-production-launch-center-aviation-fuer-delegation-der-spd\\\/#primaryimage\",\"url\":\"https:\\\/\\\/access-technology.de\\\/wp-content\\\/uploads\\\/2021\\\/09\\\/1.jpeg\",\"contentUrl\":\"https:\\\/\\\/access-technology.de\\\/wp-content\\\/uploads\\\/2021\\\/09\\\/1.jpeg\",\"width\":2048,\"height\":1536},{\"@type\":\"BreadcrumbList\",\"@id\":\"https:\\\/\\\/access-technology.de\\\/index.php\\\/aktuelles\\\/vorstellung-des-production-launch-center-aviation-fuer-delegation-der-spd\\\/#breadcrumb\",\"itemListElement\":[{\"@type\":\"ListItem\",\"position\":1,\"name\":\"Home\",\"item\":\"https:\\\/\\\/access-technology.de\\\/\"},{\"@type\":\"ListItem\",\"position\":2,\"name\":\"Aktuelles\",\"item\":\"https:\\\/\\\/access-technology.de\\\/index.php\\\/aktuelles\\\/\"},{\"@type\":\"ListItem\",\"position\":3,\"name\":\"Vorstellung des Production Launch Center Aviation f\u00fcr Delegation der SPD\"}]},{\"@type\":\"WebSite\",\"@id\":\"https:\\\/\\\/access-technology.de\\\/#website\",\"url\":\"https:\\\/\\\/access-technology.de\\\/\",\"name\":\"Access Technology\",\"description\":\"Powered by technology\",\"publisher\":{\"@id\":\"https:\\\/\\\/access-technology.de\\\/#organization\"},\"potentialAction\":[{\"@type\":\"SearchAction\",\"target\":{\"@type\":\"EntryPoint\",\"urlTemplate\":\"https:\\\/\\\/access-technology.de\\\/?s={search_term_string}\"},\"query-input\":{\"@type\":\"PropertyValueSpecification\",\"valueRequired\":true,\"valueName\":\"search_term_string\"}}],\"inLanguage\":\"de\"},{\"@type\":\"Organization\",\"@id\":\"https:\\\/\\\/access-technology.de\\\/#organization\",\"name\":\"Access e.V.\",\"url\":\"https:\\\/\\\/access-technology.de\\\/\",\"logo\":{\"@type\":\"ImageObject\",\"inLanguage\":\"de\",\"@id\":\"https:\\\/\\\/access-technology.de\\\/#\\\/schema\\\/logo\\\/image\\\/\",\"url\":\"https:\\\/\\\/access-technology.de\\\/wp-content\\\/uploads\\\/2020\\\/09\\\/Access-Logo.png\",\"contentUrl\":\"https:\\\/\\\/access-technology.de\\\/wp-content\\\/uploads\\\/2020\\\/09\\\/Access-Logo.png\",\"width\":396,\"height\":130,\"caption\":\"Access e.V.\"},\"image\":{\"@id\":\"https:\\\/\\\/access-technology.de\\\/#\\\/schema\\\/logo\\\/image\\\/\"},\"sameAs\":[\"https:\\\/\\\/de.linkedin.com\\\/company\\\/access-e-v\"]}]}<\/script>\n<!-- \/ Yoast SEO plugin. -->","yoast_head_json":{"title":"Vorstellung des Production Launch Center Aviation f\u00fcr Delegation der SPD - Access Technology","robots":{"index":"index","follow":"follow","max-snippet":"max-snippet:-1","max-image-preview":"max-image-preview:large","max-video-preview":"max-video-preview:-1"},"canonical":"https:\/\/access-technology.de\/index.php\/aktuelles\/vorstellung-des-production-launch-center-aviation-fuer-delegation-der-spd\/","og_locale":"de_DE","og_type":"article","og_title":"Vorstellung des Production Launch Center Aviation f\u00fcr Delegation der SPD - Access Technology","og_description":"Am 23.09. waren der Landtagsabgeordnete Karl Schultheis und die Bundestagskandidatin Ye-One Rhie der SPD Aachen im Access TechCenter zu Gast. Ein Thema des Besuchs waren die Herausforderungen, die eine Transformation zu einer nachhaltigen Luftfahrt an die Produktionstechnik mit sich bringt. Bei einem Rundgang durch das TechCenter konnte der Gruppe gezeigt werden wie Access schon heute [&hellip;]","og_url":"https:\/\/access-technology.de\/index.php\/aktuelles\/vorstellung-des-production-launch-center-aviation-fuer-delegation-der-spd\/","og_site_name":"Access Technology","og_image":[{"width":2048,"height":1536,"url":"https:\/\/access-technology.de\/wp-content\/uploads\/2021\/09\/1.jpeg","type":"image\/jpeg"}],"twitter_card":"summary_large_image","twitter_misc":{"Gesch\u00e4tzte Lesezeit":"1\u00a0Minute"},"schema":{"@context":"https:\/\/schema.org","@graph":[{"@type":"WebPage","@id":"https:\/\/access-technology.de\/index.php\/aktuelles\/vorstellung-des-production-launch-center-aviation-fuer-delegation-der-spd\/","url":"https:\/\/access-technology.de\/index.php\/aktuelles\/vorstellung-des-production-launch-center-aviation-fuer-delegation-der-spd\/","name":"Vorstellung des Production Launch Center Aviation f\u00fcr Delegation der SPD - Access Technology","isPartOf":{"@id":"https:\/\/access-technology.de\/#website"},"primaryImageOfPage":{"@id":"https:\/\/access-technology.de\/index.php\/aktuelles\/vorstellung-des-production-launch-center-aviation-fuer-delegation-der-spd\/#primaryimage"},"image":{"@id":"https:\/\/access-technology.de\/index.php\/aktuelles\/vorstellung-des-production-launch-center-aviation-fuer-delegation-der-spd\/#primaryimage"},"thumbnailUrl":"https:\/\/access-technology.de\/wp-content\/uploads\/2021\/09\/1.jpeg","datePublished":"2021-09-24T12:23:21+00:00","breadcrumb":{"@id":"https:\/\/access-technology.de\/index.php\/aktuelles\/vorstellung-des-production-launch-center-aviation-fuer-delegation-der-spd\/#breadcrumb"},"inLanguage":"de","potentialAction":[{"@type":"ReadAction","target":["https:\/\/access-technology.de\/index.php\/aktuelles\/vorstellung-des-production-launch-center-aviation-fuer-delegation-der-spd\/"]}]},{"@type":"ImageObject","inLanguage":"de","@id":"https:\/\/access-technology.de\/index.php\/aktuelles\/vorstellung-des-production-launch-center-aviation-fuer-delegation-der-spd\/#primaryimage","url":"https:\/\/access-technology.de\/wp-content\/uploads\/2021\/09\/1.jpeg","contentUrl":"https:\/\/access-technology.de\/wp-content\/uploads\/2021\/09\/1.jpeg","width":2048,"height":1536},{"@type":"BreadcrumbList","@id":"https:\/\/access-technology.de\/index.php\/aktuelles\/vorstellung-des-production-launch-center-aviation-fuer-delegation-der-spd\/#breadcrumb","itemListElement":[{"@type":"ListItem","position":1,"name":"Home","item":"https:\/\/access-technology.de\/"},{"@type":"ListItem","position":2,"name":"Aktuelles","item":"https:\/\/access-technology.de\/index.php\/aktuelles\/"},{"@type":"ListItem","position":3,"name":"Vorstellung des Production Launch Center Aviation f\u00fcr Delegation der SPD"}]},{"@type":"WebSite","@id":"https:\/\/access-technology.de\/#website","url":"https:\/\/access-technology.de\/","name":"Access Technology","description":"Powered by technology","publisher":{"@id":"https:\/\/access-technology.de\/#organization"},"potentialAction":[{"@type":"SearchAction","target":{"@type":"EntryPoint","urlTemplate":"https:\/\/access-technology.de\/?s={search_term_string}"},"query-input":{"@type":"PropertyValueSpecification","valueRequired":true,"valueName":"search_term_string"}}],"inLanguage":"de"},{"@type":"Organization","@id":"https:\/\/access-technology.de\/#organization","name":"Access e.V.","url":"https:\/\/access-technology.de\/","logo":{"@type":"ImageObject","inLanguage":"de","@id":"https:\/\/access-technology.de\/#\/schema\/logo\/image\/","url":"https:\/\/access-technology.de\/wp-content\/uploads\/2020\/09\/Access-Logo.png","contentUrl":"https:\/\/access-technology.de\/wp-content\/uploads\/2020\/09\/Access-Logo.png","width":396,"height":130,"caption":"Access e.V."},"image":{"@id":"https:\/\/access-technology.de\/#\/schema\/logo\/image\/"},"sameAs":["https:\/\/de.linkedin.com\/company\/access-e-v"]}]}},"_links":{"self":[{"href":"https:\/\/access-technology.de\/index.php\/wp-json\/wp\/v2\/aktuelles\/4061","targetHints":{"allow":["GET"]}}],"collection":[{"href":"https:\/\/access-technology.de\/index.php\/wp-json\/wp\/v2\/aktuelles"}],"about":[{"href":"https:\/\/access-technology.de\/index.php\/wp-json\/wp\/v2\/types\/aktuelles"}],"wp:featuredmedia":[{"embeddable":true,"href":"https:\/\/access-technology.de\/index.php\/wp-json\/wp\/v2\/media\/4062"}],"wp:attachment":[{"href":"https:\/\/access-technology.de\/index.php\/wp-json\/wp\/v2\/media?parent=4061"}],"curies":[{"name":"wp","href":"https:\/\/api.w.org\/{rel}","templated":true}]}}